{"id":6871,"date":"2025-02-06T15:52:36","date_gmt":"2025-02-06T12:52:36","guid":{"rendered":"https:\/\/asumanaykutrealestate.com\/?post_type=property&#038;p=6871"},"modified":"2025-05-28T16:41:17","modified_gmt":"2025-05-28T13:41:17","slug":"karakoy-tersane-caddesinde-kiralik-130-m2-asma-katli-dukkan","status":"expired","type":"property","link":"https:\/\/asumanaykutrealestate.com\/de\/property\/karakoy-tersane-caddesinde-kiralik-130-m2-asma-katli-dukkan\/","title":{"rendered":"130 M2 GESCH\u00c4FT MIT MEZZANIN ZUR MIETE IN KARAKOY TERSANE STRASSE"},"content":{"rendered":"<h2><strong>LADEN MIETEN IN BEYOGLU KARAK\u00d6Y<\/strong><\/h2>\n<h4><\/h4>\n<h4><em>GER\u00c4UMIGES GESCH\u00c4FT MIT ZWISCHENGESCHOSS MIT STRASSENEINGANG IN EINEM VOLLST\u00c4NDIG VERST\u00c4RKTEN GEB\u00c4UDE IN DER KARAKOY TERSANE STRASSE<\/em><\/h4>\n<p>&nbsp;<\/p>\n<p>- Grundfl\u00e4che des Geb\u00e4udes ist 73 m2.<\/p>\n<p>- Das Gesch\u00e4ft hat eine Nettofl\u00e4che von 120 m2 und besteht aus einem Erdgeschoss, einem Zwischengeschoss und einem Depot.<\/p>\n<p>- Die Lagerfl\u00e4che betr\u00e4gt ca. 20 m2.<\/p>\n<p>- Im Hochparterre befindet sich eine K\u00fcche und ein WC.<\/p>\n<p>- Das Geb\u00e4ude verf\u00fcgt \u00fcber einen Aufzug und eine Feuertreppe.<\/p>\n<p>- Im Geb\u00e4ude ist Erdgas vorhanden und es kann ein Kombikessel installiert werden.<\/p>\n<p>- Das Geb\u00e4ude bietet auch eine gemeinsame Terrasse mit Blick auf das Goldene Horn.<\/p>\n<p>&nbsp;<\/p>\n<p><em><strong>Die Verst\u00e4rkungsarbeiten im Geb\u00e4ude wurden von Fachingenieuren durchgef\u00fchrt. <\/strong><\/em><\/p>\n<p>&nbsp;<\/p>\n<p><strong>Das Gesch\u00e4ft ist zentral gelegen und 2 Minuten von der Metrostation Hali\u00e7, 5 Minuten vom \u015ei\u015fhane-Zentrum und 7 Minuten vom Karak\u00f6y- Zentrum entfernt. Es befindet sich in der N\u00e4he von \u00f6ffentlichen Verkehrsmitteln, Restaurants, Unterhaltungs- und Einkaufsm\u00f6glichkeiten und Institutionen.<\/strong><\/p>","protected":false},"excerpt":{"rendered":"<p>BEYO\u011eLU KARAK\u00d6Y\u2019DE K\u0130RALIK D\u00dcKKAN KARAK\u00d6Y TERSANE CADDES\u0130NDE KOMPLE G\u00dc\u00c7LEND\u0130R\u0130LMES\u0130 YAPILMI\u015e B\u0130NADA CADDE G\u0130R\u0130\u015eL\u0130 ASMA KATLI GEN\u0130\u015e D\u00dcKKAN \u200b &nbsp; &#8211; Binan\u0131n taban oturumu 73 m2\u2019dir. &#8211; D\u00fckkan net 120 m2 olup, giri\u015f kat, asma kat ve depodan olu\u015fmaktad\u0131r. &#8211; Depo alan\u0131 ca. 20 m2\u2019dir. &#8211; Asma katta mutfak ve WC b\u00f6l\u00fcm\u00fc mevcuttur. &#8211; Binada asans\u00f6r [&hellip;]<\/p>\n","protected":false},"author":1,"featured_media":6889,"parent":0,"menu_order":0,"template":"","property_type":[237],"property_status":[30],"property_feature":[239,177,238,210,176],"property_label":[],"property_country":[],"property_state":[],"property_city":[164],"property_area":[240],"class_list":["post-6871","property","type-property","status-expired","has-post-thumbnail","hentry","property_type-dukkan","property_status-kiralik","property_feature-asma-katli","property_feature-cadde-ustu","property_feature-guclendirilmis-bina","property_feature-masrafli","property_feature-sehir-merkezi","property_city-beyoglu","property_area-arapcami"],"aioseo_notices":[],"property_meta":{"_edit_lock":["1738848338:1"],"_edit_last":["1"],"_wp_page_template":["default"],"fave_currency":["TL"],"fave_currency_info":["a:8:{s:2:\"id\";s:1:\"1\";s:13:\"currency_name\";s:12:\"Turkish Lira\";s:13:\"currency_code\";s:2:\"TL\";s:15:\"currency_symbol\";s:3:\" TL\";s:17:\"currency_position\";s:5:\"after\";s:16:\"currency_decimal\";s:1:\"0\";s:26:\"currency_decimal_separator\";s:1:\",\";s:27:\"currency_thousand_separator\";s:1:\".\";}"],"fave_property_price":["125000"],"fave_property_size":["130"],"fave_property_rooms":["3"],"fave_property_map":["1"],"fave_property_location":["41.024880891738,28.969677931658,15"],"houzez_geolocation_lat":["41.024880891738"],"houzez_geolocation_long":["28.969677931658"],"fave_property_map_street_view":["hide"],"fave_featured":["0"],"fave_loggedintoview":["0"],"fave_agent_display_option":["author_info"],"fave_prop_homeslider":["no"],"fave_single_top_area":["global"],"fave_single_content_area":["global"],"_aioseo_title":[null],"_aioseo_description":[null],"_aioseo_keywords":["a:0:{}"],"_aioseo_og_title":[null],"_aioseo_og_description":[null],"_aioseo_og_article_section":[""],"_aioseo_og_article_tags":["a:0:{}"],"_aioseo_twitter_title":[null],"_aioseo_twitter_description":[null],"rs_page_bg_color":[""],"houzez_manual_expire":["0"],"_houzez_expiration_date_status":["saved"],"_yoast_wpseo_primary_property_type":["237"],"_yoast_wpseo_primary_property_status":["30"],"_yoast_wpseo_primary_property_feature":["177"],"_yoast_wpseo_primary_property_label":[""],"_yoast_wpseo_primary_property_country":[""],"_yoast_wpseo_primary_property_state":[""],"_yoast_wpseo_primary_property_city":["164"],"_yoast_wpseo_primary_property_area":["240"],"_yoast_wpseo_focuskw":["d\u00fckkan"],"_yoast_wpseo_linkdex":["33"],"_yoast_wpseo_content_score":["90"],"_yoast_wpseo_estimated-reading-time-minutes":["1"],"_thumbnail_id":["6889"],"fave_property_map_address":["Tersane Caddesi"],"fave_property_address":["Tersane Caddesi"],"_monsterinsights_sitenote_active":["0"],"houzez_total_property_views":["671"],"houzez_views_by_date":["a:61:{s:10:\"01-25-2026\";i:1;s:10:\"01-28-2026\";i:1;s:10:\"01-30-2026\";i:36;s:10:\"01-31-2026\";i:1;s:10:\"02-02-2026\";i:1;s:10:\"02-03-2026\";i:1;s:10:\"02-06-2026\";i:1;s:10:\"02-09-2026\";i:1;s:10:\"02-10-2026\";i:1;s:10:\"02-11-2026\";i:1;s:10:\"02-14-2026\";i:1;s:10:\"02-16-2026\";i:1;s:10:\"02-17-2026\";i:2;s:10:\"02-18-2026\";i:1;s:10:\"02-19-2026\";i:2;s:10:\"02-21-2026\";i:1;s:10:\"02-23-2026\";i:1;s:10:\"02-25-2026\";i:3;s:10:\"02-26-2026\";i:3;s:10:\"03-02-2026\";i:1;s:10:\"03-03-2026\";i:1;s:10:\"03-04-2026\";i:1;s:10:\"03-06-2026\";i:1;s:10:\"03-09-2026\";i:1;s:10:\"03-10-2026\";i:1;s:10:\"03-13-2026\";i:5;s:10:\"03-14-2026\";i:2;s:10:\"03-15-2026\";i:5;s:10:\"03-16-2026\";i:2;s:10:\"03-18-2026\";i:1;s:10:\"03-19-2026\";i:1;s:10:\"03-20-2026\";i:2;s:10:\"03-21-2026\";i:2;s:10:\"03-22-2026\";i:1;s:10:\"03-23-2026\";i:1;s:10:\"03-25-2026\";i:1;s:10:\"03-26-2026\";i:1;s:10:\"03-27-2026\";i:1;s:10:\"03-29-2026\";i:1;s:10:\"03-31-2026\";i:1;s:10:\"04-01-2026\";i:1;s:10:\"04-02-2026\";i:1;s:10:\"04-05-2026\";i:1;s:10:\"04-07-2026\";i:2;s:10:\"04-08-2026\";i:1;s:10:\"04-09-2026\";i:2;s:10:\"04-11-2026\";i:2;s:10:\"04-12-2026\";i:2;s:10:\"04-13-2026\";i:3;s:10:\"04-15-2026\";i:2;s:10:\"04-16-2026\";i:2;s:10:\"04-17-2026\";i:1;s:10:\"04-18-2026\";i:1;s:10:\"04-19-2026\";i:1;s:10:\"04-21-2026\";i:1;s:10:\"04-22-2026\";i:1;s:10:\"04-23-2026\";i:1;s:10:\"04-25-2026\";i:1;s:10:\"04-28-2026\";i:2;s:10:\"04-29-2026\";i:1;s:10:\"05-01-2026\";i:4;}"],"houzez_recently_viewed":["2026-05-01 19:14:32"],"fave_property_images":["6890","6892","6891","6898","6899","6894","6895","6873","6874","6877","6876","6897","6878","6880","6881","6882","6883","6884","6885","6900","6901","6903","6904","6889","6886","6887"]},"yoast_head":"<!-- This site is optimized with the Yoast SEO plugin v27.0 - https:\/\/yoast.com\/product\/yoast-seo-wordpress\/ -->\n<title>KARAK\u00d6Y TERSANE CADDES\u0130NDE K\u0130RALIK 130 M2 ASMA KATLI D\u00dcKKAN - Asuman Aykut Real Estate Istanbul<\/title>\n<meta name=\"robots\" content=\"index, follow, max-snippet:-1, max-image-preview:large, max-video-preview:-1\" \/>\n<link rel=\"canonical\" href=\"https:\/\/asumanaykutrealestate.com\/de\/property\/karakoy-tersane-caddesinde-kiralik-130-m2-asma-katli-dukkan\/\" \/>\n<meta property=\"og:locale\" content=\"de_DE\" \/>\n<meta property=\"og:type\" content=\"article\" \/>\n<meta property=\"og:title\" content=\"KARAK\u00d6Y TERSANE CADDES\u0130NDE K\u0130RALIK 130 M2 ASMA KATLI D\u00dcKKAN - Asuman Aykut Real Estate Istanbul\" \/>\n<meta property=\"og:description\" content=\"BEYO\u011eLU KARAK\u00d6Y\u2019DE K\u0130RALIK D\u00dcKKAN KARAK\u00d6Y TERSANE CADDES\u0130NDE KOMPLE G\u00dc\u00c7LEND\u0130R\u0130LMES\u0130 YAPILMI\u015e B\u0130NADA CADDE G\u0130R\u0130\u015eL\u0130 ASMA KATLI GEN\u0130\u015e D\u00dcKKAN \u200b &nbsp; &#8211; Binan\u0131n taban oturumu 73 m2\u2019dir. &#8211; D\u00fckkan net 120 m2 olup, giri\u015f kat, asma kat ve depodan olu\u015fmaktad\u0131r. &#8211; Depo alan\u0131 ca. 20 m2\u2019dir. &#8211; Asma katta mutfak ve WC b\u00f6l\u00fcm\u00fc mevcuttur. &#8211; Binada asans\u00f6r [&hellip;]\" \/>\n<meta property=\"og:url\" content=\"https:\/\/asumanaykutrealestate.com\/de\/property\/karakoy-tersane-caddesinde-kiralik-130-m2-asma-katli-dukkan\/\" \/>\n<meta property=\"og:site_name\" content=\"Asuman Aykut Real Estate Istanbul\" \/>\n<meta property=\"article:modified_time\" content=\"2025-05-28T13:41:17+00:00\" \/>\n<meta property=\"og:image\" content=\"https:\/\/asumanaykutrealestate.com\/wp-content\/uploads\/2025\/02\/Dis-cephe.jpg\" \/>\n\t<meta property=\"og:image:width\" content=\"1200\" \/>\n\t<meta property=\"og:image:height\" content=\"800\" \/>\n\t<meta property=\"og:image:type\" content=\"image\/jpeg\" \/>\n<meta name=\"twitter:card\" content=\"summary_large_image\" \/>\n<meta name=\"twitter:label1\" content=\"Gesch\u00e4tzte Lesezeit\" \/>\n\t<meta name=\"twitter:data1\" content=\"1\u00a0Minute\" \/>\n<script type=\"application\/ld+json\" class=\"yoast-schema-graph\">{\"@context\":\"https:\/\/schema.org\",\"@graph\":[{\"@type\":\"WebPage\",\"@id\":\"https:\/\/asumanaykutrealestate.com\/property\/karakoy-tersane-caddesinde-kiralik-130-m2-asma-katli-dukkan\/\",\"url\":\"https:\/\/asumanaykutrealestate.com\/property\/karakoy-tersane-caddesinde-kiralik-130-m2-asma-katli-dukkan\/\",\"name\":\"KARAK\u00d6Y TERSANE CADDES\u0130NDE K\u0130RALIK 130 M2 ASMA KATLI D\u00dcKKAN - Asuman Aykut Real Estate Istanbul\",\"isPartOf\":{\"@id\":\"https:\/\/asumanaykutrealestate.com\/#website\"},\"primaryImageOfPage\":{\"@id\":\"https:\/\/asumanaykutrealestate.com\/property\/karakoy-tersane-caddesinde-kiralik-130-m2-asma-katli-dukkan\/#primaryimage\"},\"image\":{\"@id\":\"https:\/\/asumanaykutrealestate.com\/property\/karakoy-tersane-caddesinde-kiralik-130-m2-asma-katli-dukkan\/#primaryimage\"},\"thumbnailUrl\":\"https:\/\/asumanaykutrealestate.com\/wp-content\/uploads\/2025\/02\/Dis-cephe.jpg\",\"datePublished\":\"2025-02-06T12:52:36+00:00\",\"dateModified\":\"2025-05-28T13:41:17+00:00\",\"breadcrumb\":{\"@id\":\"https:\/\/asumanaykutrealestate.com\/property\/karakoy-tersane-caddesinde-kiralik-130-m2-asma-katli-dukkan\/#breadcrumb\"},\"inLanguage\":\"de\",\"potentialAction\":[{\"@type\":\"ReadAction\",\"target\":[\"https:\/\/asumanaykutrealestate.com\/property\/karakoy-tersane-caddesinde-kiralik-130-m2-asma-katli-dukkan\/\"]}]},{\"@type\":\"ImageObject\",\"inLanguage\":\"de\",\"@id\":\"https:\/\/asumanaykutrealestate.com\/property\/karakoy-tersane-caddesinde-kiralik-130-m2-asma-katli-dukkan\/#primaryimage\",\"url\":\"https:\/\/asumanaykutrealestate.com\/wp-content\/uploads\/2025\/02\/Dis-cephe.jpg\",\"contentUrl\":\"https:\/\/asumanaykutrealestate.com\/wp-content\/uploads\/2025\/02\/Dis-cephe.jpg\",\"width\":1200,\"height\":800},{\"@type\":\"BreadcrumbList\",\"@id\":\"https:\/\/asumanaykutrealestate.com\/property\/karakoy-tersane-caddesinde-kiralik-130-m2-asma-katli-dukkan\/#breadcrumb\",\"itemListElement\":[{\"@type\":\"ListItem\",\"position\":1,\"name\":\"Anasayfa\",\"item\":\"https:\/\/asumanaykutrealestate.com\/\"},{\"@type\":\"ListItem\",\"position\":2,\"name\":\"\u00d6zellikleri\",\"item\":\"https:\/\/asumanaykutrealestate.com\/property\/\"},{\"@type\":\"ListItem\",\"position\":3,\"name\":\"KARAK\u00d6Y TERSANE CADDES\u0130NDE K\u0130RALIK 130 M2 ASMA KATLI D\u00dcKKAN\"}]},{\"@type\":\"WebSite\",\"@id\":\"https:\/\/asumanaykutrealestate.com\/#website\",\"url\":\"https:\/\/asumanaykutrealestate.com\/\",\"name\":\"Asuman Aykut Real Estate Istanbul\",\"description\":\"Yeni Ya\u015fam Tarz\u0131n\u0131za Ho\u015f Geldiniz\",\"potentialAction\":[{\"@type\":\"SearchAction\",\"target\":{\"@type\":\"EntryPoint\",\"urlTemplate\":\"https:\/\/asumanaykutrealestate.com\/?s={search_term_string}\"},\"query-input\":{\"@type\":\"PropertyValueSpecification\",\"valueRequired\":true,\"valueName\":\"search_term_string\"}}],\"inLanguage\":\"de\"}]}<\/script>\n<!-- \/ Yoast SEO plugin. -->","yoast_head_json":{"title":"KARAK\u00d6Y TERSANE CADDES\u0130NDE K\u0130RALIK 130 M2 ASMA KATLI D\u00dcKKAN - Asuman Aykut Real Estate Istanbul","robots":{"index":"index","follow":"follow","max-snippet":"max-snippet:-1","max-image-preview":"max-image-preview:large","max-video-preview":"max-video-preview:-1"},"canonical":"https:\/\/asumanaykutrealestate.com\/de\/property\/karakoy-tersane-caddesinde-kiralik-130-m2-asma-katli-dukkan\/","og_locale":"de_DE","og_type":"article","og_title":"KARAK\u00d6Y TERSANE CADDES\u0130NDE K\u0130RALIK 130 M2 ASMA KATLI D\u00dcKKAN - Asuman Aykut Real Estate Istanbul","og_description":"BEYO\u011eLU KARAK\u00d6Y\u2019DE K\u0130RALIK D\u00dcKKAN KARAK\u00d6Y TERSANE CADDES\u0130NDE KOMPLE G\u00dc\u00c7LEND\u0130R\u0130LMES\u0130 YAPILMI\u015e B\u0130NADA CADDE G\u0130R\u0130\u015eL\u0130 ASMA KATLI GEN\u0130\u015e D\u00dcKKAN \u200b &nbsp; &#8211; Binan\u0131n taban oturumu 73 m2\u2019dir. &#8211; D\u00fckkan net 120 m2 olup, giri\u015f kat, asma kat ve depodan olu\u015fmaktad\u0131r. &#8211; Depo alan\u0131 ca. 20 m2\u2019dir. &#8211; Asma katta mutfak ve WC b\u00f6l\u00fcm\u00fc mevcuttur. &#8211; Binada asans\u00f6r [&hellip;]","og_url":"https:\/\/asumanaykutrealestate.com\/de\/property\/karakoy-tersane-caddesinde-kiralik-130-m2-asma-katli-dukkan\/","og_site_name":"Asuman Aykut Real Estate Istanbul","article_modified_time":"2025-05-28T13:41:17+00:00","og_image":[{"width":1200,"height":800,"url":"https:\/\/asumanaykutrealestate.com\/wp-content\/uploads\/2025\/02\/Dis-cephe.jpg","type":"image\/jpeg"}],"twitter_card":"summary_large_image","twitter_misc":{"Gesch\u00e4tzte Lesezeit":"1\u00a0Minute"},"schema":{"@context":"https:\/\/schema.org","@graph":[{"@type":"WebPage","@id":"https:\/\/asumanaykutrealestate.com\/property\/karakoy-tersane-caddesinde-kiralik-130-m2-asma-katli-dukkan\/","url":"https:\/\/asumanaykutrealestate.com\/property\/karakoy-tersane-caddesinde-kiralik-130-m2-asma-katli-dukkan\/","name":"KARAK\u00d6Y TERSANE CADDES\u0130NDE K\u0130RALIK 130 M2 ASMA KATLI D\u00dcKKAN - Asuman Aykut Real Estate Istanbul","isPartOf":{"@id":"https:\/\/asumanaykutrealestate.com\/#website"},"primaryImageOfPage":{"@id":"https:\/\/asumanaykutrealestate.com\/property\/karakoy-tersane-caddesinde-kiralik-130-m2-asma-katli-dukkan\/#primaryimage"},"image":{"@id":"https:\/\/asumanaykutrealestate.com\/property\/karakoy-tersane-caddesinde-kiralik-130-m2-asma-katli-dukkan\/#primaryimage"},"thumbnailUrl":"https:\/\/asumanaykutrealestate.com\/wp-content\/uploads\/2025\/02\/Dis-cephe.jpg","datePublished":"2025-02-06T12:52:36+00:00","dateModified":"2025-05-28T13:41:17+00:00","breadcrumb":{"@id":"https:\/\/asumanaykutrealestate.com\/property\/karakoy-tersane-caddesinde-kiralik-130-m2-asma-katli-dukkan\/#breadcrumb"},"inLanguage":"de","potentialAction":[{"@type":"ReadAction","target":["https:\/\/asumanaykutrealestate.com\/property\/karakoy-tersane-caddesinde-kiralik-130-m2-asma-katli-dukkan\/"]}]},{"@type":"ImageObject","inLanguage":"de","@id":"https:\/\/asumanaykutrealestate.com\/property\/karakoy-tersane-caddesinde-kiralik-130-m2-asma-katli-dukkan\/#primaryimage","url":"https:\/\/asumanaykutrealestate.com\/wp-content\/uploads\/2025\/02\/Dis-cephe.jpg","contentUrl":"https:\/\/asumanaykutrealestate.com\/wp-content\/uploads\/2025\/02\/Dis-cephe.jpg","width":1200,"height":800},{"@type":"BreadcrumbList","@id":"https:\/\/asumanaykutrealestate.com\/property\/karakoy-tersane-caddesinde-kiralik-130-m2-asma-katli-dukkan\/#breadcrumb","itemListElement":[{"@type":"ListItem","position":1,"name":"Anasayfa","item":"https:\/\/asumanaykutrealestate.com\/"},{"@type":"ListItem","position":2,"name":"\u00d6zellikleri","item":"https:\/\/asumanaykutrealestate.com\/property\/"},{"@type":"ListItem","position":3,"name":"KARAK\u00d6Y TERSANE CADDES\u0130NDE K\u0130RALIK 130 M2 ASMA KATLI D\u00dcKKAN"}]},{"@type":"WebSite","@id":"https:\/\/asumanaykutrealestate.com\/#website","url":"https:\/\/asumanaykutrealestate.com\/","name":"Asuman Aykut Real Estate Istanbul","description":"Yeni Ya\u015fam Tarz\u0131n\u0131za Ho\u015f Geldiniz","potentialAction":[{"@type":"SearchAction","target":{"@type":"EntryPoint","urlTemplate":"https:\/\/asumanaykutrealestate.com\/?s={search_term_string}"},"query-input":{"@type":"PropertyValueSpecification","valueRequired":true,"valueName":"search_term_string"}}],"inLanguage":"de"}]}},"_links":{"self":[{"href":"https:\/\/asumanaykutrealestate.com\/de\/wp-json\/wp\/v2\/properties\/6871","targetHints":{"allow":["GET"]}}],"collection":[{"href":"https:\/\/asumanaykutrealestate.com\/de\/wp-json\/wp\/v2\/properties"}],"about":[{"href":"https:\/\/asumanaykutrealestate.com\/de\/wp-json\/wp\/v2\/types\/property"}],"author":[{"embeddable":true,"href":"https:\/\/asumanaykutrealestate.com\/de\/wp-json\/wp\/v2\/users\/1"}],"version-history":[{"count":3,"href":"https:\/\/asumanaykutrealestate.com\/de\/wp-json\/wp\/v2\/properties\/6871\/revisions"}],"predecessor-version":[{"id":6907,"href":"https:\/\/asumanaykutrealestate.com\/de\/wp-json\/wp\/v2\/properties\/6871\/revisions\/6907"}],"wp:featuredmedia":[{"embeddable":true,"href":"https:\/\/asumanaykutrealestate.com\/de\/wp-json\/wp\/v2\/media\/6889"}],"wp:attachment":[{"href":"https:\/\/asumanaykutrealestate.com\/de\/wp-json\/wp\/v2\/media?parent=6871"}],"wp:term":[{"taxonomy":"property_type","embeddable":true,"href":"https:\/\/asumanaykutrealestate.com\/de\/wp-json\/wp\/v2\/property_type?post=6871"},{"taxonomy":"property_status","embeddable":true,"href":"https:\/\/asumanaykutrealestate.com\/de\/wp-json\/wp\/v2\/property_status?post=6871"},{"taxonomy":"property_feature","embeddable":true,"href":"https:\/\/asumanaykutrealestate.com\/de\/wp-json\/wp\/v2\/property_feature?post=6871"},{"taxonomy":"property_label","embeddable":true,"href":"https:\/\/asumanaykutrealestate.com\/de\/wp-json\/wp\/v2\/property_label?post=6871"},{"taxonomy":"property_country","embeddable":true,"href":"https:\/\/asumanaykutrealestate.com\/de\/wp-json\/wp\/v2\/property_country?post=6871"},{"taxonomy":"property_state","embeddable":true,"href":"https:\/\/asumanaykutrealestate.com\/de\/wp-json\/wp\/v2\/property_state?post=6871"},{"taxonomy":"property_city","embeddable":true,"href":"https:\/\/asumanaykutrealestate.com\/de\/wp-json\/wp\/v2\/property_city?post=6871"},{"taxonomy":"property_area","embeddable":true,"href":"https:\/\/asumanaykutrealestate.com\/de\/wp-json\/wp\/v2\/property_area?post=6871"}],"curies":[{"name":"wp","href":"https:\/\/api.w.org\/{rel}","templated":true}]}}